{"id":124,"date":"2018-08-13T07:00:00","date_gmt":"2018-08-13T07:00:00","guid":{"rendered":"https:\/\/fightwithgluten.com\/?page_id=124"},"modified":"2022-11-29T03:42:02","modified_gmt":"2022-11-29T03:42:02","slug":"cine-sunt","status":"publish","type":"page","link":"https:\/\/fightwithgluten.com\/en\/cine-sunt\/","title":{"rendered":"Who am I?"},"content":{"rendered":"<div class=\"wp-block-group\"><div class=\"wp-block-group__inner-container is-layout-flow wp-block-group-is-layout-flow\"><div class=\"wp-block-image\">\n<figure class=\"aligncenter size-large is-resized\"><img loading=\"lazy\" decoding=\"async\" src=\"https:\/\/fightwithgluten.com\/wp-content\/uploads\/2020\/11\/Silvia_covrig_FightWithGluten1-scaled-e1605817498755-1024x832.jpg\" alt=\"Silvia si covrigii fara gluten FightWithGluten\" class=\"wp-image-139\" width=\"512\" height=\"416\" srcset=\"https:\/\/fightwithgluten.com\/wp-content\/uploads\/2020\/11\/Silvia_covrig_FightWithGluten1-scaled-e1605817498755-1024x832.jpg 1024w, https:\/\/fightwithgluten.com\/wp-content\/uploads\/2020\/11\/Silvia_covrig_FightWithGluten1-scaled-e1605817498755-300x244.jpg 300w, https:\/\/fightwithgluten.com\/wp-content\/uploads\/2020\/11\/Silvia_covrig_FightWithGluten1-scaled-e1605817498755-768x624.jpg 768w, https:\/\/fightwithgluten.com\/wp-content\/uploads\/2020\/11\/Silvia_covrig_FightWithGluten1-scaled-e1605817498755-1536x1248.jpg 1536w, https:\/\/fightwithgluten.com\/wp-content\/uploads\/2020\/11\/Silvia_covrig_FightWithGluten1-scaled-e1605817498755-16x12.jpg 16w, https:\/\/fightwithgluten.com\/wp-content\/uploads\/2020\/11\/Silvia_covrig_FightWithGluten1-scaled-e1605817498755-600x487.jpg 600w, https:\/\/fightwithgluten.com\/wp-content\/uploads\/2020\/11\/Silvia_covrig_FightWithGluten1-scaled-e1605817498755.jpg 1875w\" sizes=\"auto, (max-width: 512px) 100vw, 512px\" \/><\/figure><\/div>\n\n\n<p class=\"has-text-align-center\"><strong>S<\/strong>alutare!<\/p>\n\n\n\n<p class=\"has-text-align-center\"><strong>I<\/strong>ubesc covrigii<strong>&nbsp;\ud83d\ude00<\/strong> sau mai bine spus i-am iubit<\/p>\n\n\n\n<p class=\"has-text-align-center\"><strong>L<\/strong>a fel ca \u015fi mine, este posibil s\u0103 ai&nbsp;<strong><a href=\"https:\/\/ro.wikipedia.org\/wiki\/Celiachie\">celiachie<\/a><\/strong><\/p>\n\n\n\n<p class=\"has-text-align-center\"><strong>V<\/strong>reau s\u0103 \u00ee\u021bi ar\u0103t c\u0103 ne putem lupta cu glutenul oriunde<\/p>\n\n\n\n<p class=\"has-text-align-center\"><strong>I<\/strong>ar pentru asta vom descoperi \u00eempreun\u0103 c\u0103 putem tr\u0103i f\u0103r\u0103 gluten \ud83d\ude00<\/p>\n\n\n\n<p class=\"has-text-align-center\"><strong>A<\/strong>cum, m\u00e2ine \u0219i \u00een orice alt\u0103 zi \ud83d\ude09&nbsp;<\/p>\n<\/div><\/div>\n\n\n<div class=\"wp-block-image\">\n<figure class=\"aligncenter size-large\"><img loading=\"lazy\" decoding=\"async\" width=\"338\" height=\"338\" src=\"https:\/\/fightwithgluten.com\/wp-content\/uploads\/2020\/11\/foot.jpg\" alt=\"glutenfree footsteps\" class=\"wp-image-140\" srcset=\"https:\/\/fightwithgluten.com\/wp-content\/uploads\/2020\/11\/foot.jpg 338w, https:\/\/fightwithgluten.com\/wp-content\/uploads\/2020\/11\/foot-300x300.jpg 300w, https:\/\/fightwithgluten.com\/wp-content\/uploads\/2020\/11\/foot-150x150.jpg 150w, https:\/\/fightwithgluten.com\/wp-content\/uploads\/2020\/11\/foot-12x12.jpg 12w\" sizes=\"auto, (max-width: 338px) 100vw, 338px\" \/><\/figure><\/div>\n\n\n<p>A\u015fadar, presupun c\u0103 ai reu\u015fit s\u0103 descoperi c\u0103 sunt Silvia, autoarea blogului FightWithGluten \u015fi m\u0103 aflu printre persoanele diagnosticate cu celiachie. Un cuv\u00e2nt complet necunoscut pentru unii \u00eens\u0103 foarte familiar pentru al\u0163ii. \u00cen cazul \u00een care nu \u015ftii despre ce este vorba, nu te \u00eengrijora, nu se ia!&nbsp;\ud83d\ude42<\/p>\n\n\n\n<p>Cum am primit eu vestea c\u0103 trebuie s\u0103 renun\u0163 la prietenii \u015fi iubi\u0163ii mei covrigi \u015fi nu numai? Nu prea bine.\u00a0\ud83d\ude41\u00a0Ini\u0163ial (mai exact 2016) a fost un \u015foc. Nu am avut niciun scut de protec\u0163ie care s\u0103 \u00eemi atenueze c\u0103derea. \u015eocul a fost \u015fi mai puternic deoarece boala se manifesta prea pu\u0163in. Aveam deja de cel pu\u021bin 8 ani c\u00e2teva simptome specifice bolii celiace (lips\u0103 de fier, pielea uscat\u0103, dureri articulare) dar ele nu \u00eemi creau disconfort.\u00a0Eram obi\u015fnuit\u0103 s\u0103 \u00eemi spun\u0103 mai toat\u0103 lumea:<em>\u00a0\u201cVai, ce palid\u0103 e\u015fti!\u201d<\/em>\u00a0dar eu nici pe departe nu m\u0103 sim\u0163eam sl\u0103bit\u0103 precum p\u0103ream.<\/p>\n\n\n\n<p>Cu toate c\u0103 \u00eemi era greu s\u0103 accept vestea, am preferat s\u0103 o iau de bun\u0103. Nu am f\u0103cut endoscopia ini\u021bial. \u00cemi era fric\u0103 de numa\u2019! M-am conformat specifica\u0163iilor spuse de medic doar timp de o s\u0103ptam\u00e2n\u0103. De ce?&nbsp;De fiecare dat\u0103 c\u00e2nd mergeam prin magazine \u015fi vedeam c\u00e2t de pu\u021bine lucruri mai pot m\u00e2nca, efectiv \u00eemi sc\u0103dea moralul. \u00cemi era foarte dificil s\u0103 m\u0103 obi\u015fnuiesc cu noul stil de via\u0163\u0103. \u00cemi propusesem ca treptat s\u0103 elimin glutenul din alimenta\u0163ie. Prietenia mea cu covrigii a \u00eenceput s\u0103 se r\u0103ceasc\u0103. Am diminuat cantitatea pe care o m\u00e2ncam dar nu i-am eliminat de tot. Asta p\u00e2n\u0103 \u00een 2018, c\u00e2nd am primit confirmarea diagnosticului prin intermediul endoscopiei.<\/p>\n\n\n\n<p>DA! In 2018 am avut mai mult curaj :D. Aparent. Asta pentru c\u0103 endoscopia a fost f\u0103cut\u0103 cu sedare total\u0103. Chiar dac\u0103 am avut o groaz\u0103 de emo\u0163ii, partea bun\u0103 e c\u0103 nu am sim\u0163it absolut nimic ;).<\/p>\n\n\n\n<p>Totu\u015fi de ce am fost at\u00e2t de curajoas\u0103? Aveam de mult\u0103 vreme ni\u015fte dureri suspecte de spate iar doctori\u0163a de la reumatologie, dup\u0103 investiga\u0163ii am\u0103nun\u0163ite, a ajuns la concluzia c\u0103 doar boala celiac\u0103 poate fi cauza.<\/p>\n\n\n\n<p>Cu aceast\u0103 ocazie, iat\u0103-m\u0103 ast\u0103zi cum \u00eemi fac curaj s\u0103 dezvolt comunitatea FightWithGluten, cu scopul de a ajuta oamenii care, la fel ca mine, trebuie s\u0103 duc\u0103 o via\u0163\u0103 f\u0103r\u0103 gluten. Vreau s\u0103 fac asta prin articole cu informa\u0163ii cu \u015fi despre gluten. \u015ei binein\u0163eles, prin re\u0163ete de bun\u0103t\u0103\u0163i f\u0103ra gluten ;).<\/p>\n\n\n\n<p>Sper s\u0103 g\u0103se\u015fti util acest blog. Pentru orice informa\u0163ii sau sugestii suplimentare legate de via\u0163a f\u0103ra gluten m\u0103 po\u0163i contacta la:&nbsp;<a href=\"mailto:silvia@bunatatifaragluten.ro\" class=\"rank-math-link\">solomon.silvia91@gmail.com<\/a>&nbsp;.<\/p>\n\n\n\n<p>Keep smile&nbsp;\ud83d\ude42<\/p>\n\n\n\n<p>Silvia<\/p>","protected":false},"excerpt":{"rendered":"<p>Salutare! Iubesc covrigii&nbsp;\ud83d\ude00 sau mai bine spus i-am iubit La fel ca \u015fi mine, este posibil s\u0103 ai&nbsp;celiachie Vreau s\u0103 \u00ee\u021bi ar\u0103t c\u0103 ne putem lupta cu glutenul oriunde Iar pentru asta vom descoperi \u00eempreun\u0103 c\u0103 putem tr\u0103i f\u0103r\u0103 gluten \ud83d\ude00 Acum, m\u00e2ine \u0219i \u00een orice alt\u0103 zi \ud83d\ude09&nbsp; A\u015fadar, presupun c\u0103 ai reu\u015fit s\u0103 [&hellip;]<\/p>\n","protected":false},"author":1,"featured_media":0,"parent":0,"menu_order":0,"comment_status":"closed","ping_status":"closed","template":"","meta":{"om_disable_all_campaigns":false,"wprm-recipe-roundup-name":"","wprm-recipe-roundup-description":"","_monsterinsights_skip_tracking":false,"_monsterinsights_sitenote_active":false,"_monsterinsights_sitenote_note":"","_monsterinsights_sitenote_category":0,"footnotes":""},"class_list":["post-124","page","type-page","status-publish","hentry"],"aioseo_notices":[],"blog_post_layout_featured_media_urls":{"thumbnail":"","full":""},"categories_names":null,"comments_number":"0","_links":{"self":[{"href":"https:\/\/fightwithgluten.com\/en\/wp-json\/wp\/v2\/pages\/124","targetHints":{"allow":["GET"]}}],"collection":[{"href":"https:\/\/fightwithgluten.com\/en\/wp-json\/wp\/v2\/pages"}],"about":[{"href":"https:\/\/fightwithgluten.com\/en\/wp-json\/wp\/v2\/types\/page"}],"author":[{"embeddable":true,"href":"https:\/\/fightwithgluten.com\/en\/wp-json\/wp\/v2\/users\/1"}],"replies":[{"embeddable":true,"href":"https:\/\/fightwithgluten.com\/en\/wp-json\/wp\/v2\/comments?post=124"}],"version-history":[{"count":21,"href":"https:\/\/fightwithgluten.com\/en\/wp-json\/wp\/v2\/pages\/124\/revisions"}],"predecessor-version":[{"id":405,"href":"https:\/\/fightwithgluten.com\/en\/wp-json\/wp\/v2\/pages\/124\/revisions\/405"}],"wp:attachment":[{"href":"https:\/\/fightwithgluten.com\/en\/wp-json\/wp\/v2\/media?parent=124"}],"curies":[{"name":"wp","href":"https:\/\/api.w.org\/{rel}","templated":true}]}}