{"id":158,"date":"2020-11-18T19:36:06","date_gmt":"2020-11-18T19:36:06","guid":{"rendered":"https:\/\/fightwithgluten.com\/?page_id=158"},"modified":"2020-11-18T20:02:46","modified_gmt":"2020-11-18T20:02:46","slug":"povestea-ta","status":"publish","type":"page","link":"https:\/\/fightwithgluten.com\/en\/povestea-ta\/","title":{"rendered":"Povestea ta"},"content":{"rendered":"<p>Poate c\u0103 \u021bi s-a \u00eent\u00e2mplat sau nu, dar atunci c\u00e2nd \u0219tii c\u0103 un film are la baz\u0103 o \u00eent\u00e2mplare real\u0103 e\u0219ti mai atras de el sau are un impact emo\u021bional mai puternic. \u00cen baza acestui considerent, mi-ar pl\u0103cea s\u0103 construim \u00eempreun\u0103 o sec\u0163iune cu pove\u015fti f\u0103r\u0103 gluten. \u015etiu c\u0103 multe simptome nu au fost pl\u0103cute p\u00e2n\u0103 la descoperirea bolii celiace sau orice alt\u0103 form\u0103 de intoleran\u0163\u0103, dar cu toate acestea pe parcursul timpului, urm\u00e2nd stilul de via\u0163\u0103 corect totul a fost cu mult mai bine.<\/p>\n\n\n\n<p>Scopul pentru care cred c\u0103 sunt importante pove\u015ftile adev\u0103rate este de a \u00eencuraja pe cei noi diagnostica\u0163i c\u0103 vor duce \u00een continuare o via\u0163\u0103 normal\u0103. Eu dac\u0103 a\u015f fi fost \u00eentrebat\u0103 acum trei ani dac\u0103 pot renun\u0163a la produse de panifica\u0163ie a\u015f fi spus un NU categoric, a\u015fa cum nu prea auzi la starea civil\u0103&nbsp; \ud83d\ude42<\/p>\n\n\n\n<p>P\u00e2n\u0103 \u00ee\u0163i aduni curajul de a scrie \u015fi povestea ta, te invit s\u0103 cite\u015fti relat\u0103rile de mai jos.<\/p>\n\n\n\n<h3 class=\"wp-block-heading\"><em>Povestea ta conteaz\u0103 \u0219i le poate oferi \u00eencredere celorlal\u021bi!<\/em><\/h3>\n\n\n\n<h5 class=\"wp-block-heading\"><em>Raluca \u2013 25 ani, Sighi\u015foara<\/em><\/h5>\n\n\n\n<p>\u201cDe mic\u0103 am fost tot anemic\u0103 . Indiferent ce medicamente luam, tot at\u00e2ta era. Aveam ni\u015fte dureri de stomac \u00eengrozitoare \u015fi diaree continua. Nimeni nu mi-a g\u0103sit nici o cauz\u0103. Diagnosticul era mereu gastrit\u0103. Anul trecut (2017) am r\u0103mas \u00eens\u0103rcinat\u0103 \u015fi din p\u0103cate, la 6 s\u0103pt\u0103m\u00e2ni, am pierdut sarcina. Dup\u0103 c\u00e2teva luni, am r\u0103mas din nou \u00eens\u0103rcinat\u0103. La 6 s\u0103pt\u0103m\u00e2ni am s\u00e2ngerat. Toat\u0103 sarcina am stat la pat. Repaus total. La morfologia de trimestrul 2, medicul ne-a spus c\u0103 nu \u00eei d\u0103 nici o \u015fans\u0103 feti\u0163ei noastre. Moare p\u00e2n\u0103 nasc, sau dup\u0103 ce nasc. Ne-a spus c\u0103 are malforma\u0163ii \u015fi o greutate foarte mic\u0103. Ne-a trimis la Cluj pt RMN fetal. Acolo ne-au spus c\u0103 totul este \u00een regul\u0103. La 39 s\u0103pt\u0103m\u00e2ni, am mers la control \u015fi, din p\u0103cate, nu \u00eei mai b\u0103tea inimioara \u00eengera\u015fului nostru. Mi-au provocat na\u015fterea \u015fi au trecut 4 luni de atunci (noiembrie 2018). O doamn\u0103 doctor mi-a dat s\u0103 fac analizele pt boal\u0103 celiac\u0103 \u015fi mi-au ie\u015fit pozitive. Am f\u0103cut \u015fi endoscopia \u015fi s-a confirmat diagnosticul. Cam de jum\u0103tate de an (mai 2019) \u0163in regimul f\u0103r\u0103 gluten \u015fi \u00eenc\u0103 din prima luna am \u00eenceput s\u0103 v\u0103d diferen\u0163a. Eram tot timpul obosit\u0103, f\u0103r\u0103 chef de via\u021b\u0103, de dureri de stomac \u015fi balonare ce s\u0103 mai spun\u2026 de cum am \u00eenceput s\u0103 \u0163in regimul, toate simptomele au disp\u0103rut. A fost greu p\u00e2n\u0103 m-am obi\u015fnuit, dar merit\u0103 efortul. Am noroc cu un so\u021b extraordinar care m\u0103 sus\u021bine. El nu are probleme, dar \u015fi el m\u0103n\u00e2nc\u0103 ca \u015fi mine, f\u0103r\u0103 gluten. P\u00e2n\u0103 \u015fi el spune c\u0103 se simte mai bine de c\u00e2nd \u0163ine regimul :)) \u015fi acum a\u015ftept\u0103m din nou s\u0103 vin\u0103 bebe. Sper\u0103m c\u0103 de aceast\u0103 dat\u0103 s\u0103 \u015fi ajung\u0103 barza. Acum bebe se dezvolt\u0103 normal \u015fi totul e bine, mul\u0163umim lui Dumnezeu!\u201d<\/p>\n\n\n\n<h4 class=\"wp-block-heading\"><strong><span class=\"has-inline-color has-pale-pink-color\">Pentru c\u0103 povestea ta CONTEAZ\u0102,&nbsp;a\u015ftept cu ner\u0103bdare s\u0103 \u00eemi scrii.<\/span><\/strong><\/h4>\n\n\n\n<p><\/p>","protected":false},"excerpt":{"rendered":"<p>Poate c\u0103 \u021bi s-a \u00eent\u00e2mplat sau nu, dar atunci c\u00e2nd \u0219tii c\u0103 un film are la baz\u0103 o \u00eent\u00e2mplare real\u0103 e\u0219ti mai atras de el sau are un impact emo\u021bional mai puternic. \u00cen baza acestui considerent, mi-ar pl\u0103cea s\u0103 construim \u00eempreun\u0103 o sec\u0163iune cu pove\u015fti f\u0103r\u0103 gluten. \u015etiu c\u0103 multe simptome nu au fost pl\u0103cute [&hellip;]<\/p>\n","protected":false},"author":1,"featured_media":0,"parent":0,"menu_order":0,"comment_status":"closed","ping_status":"closed","template":"","meta":{"om_disable_all_campaigns":false,"wprm-recipe-roundup-name":"","wprm-recipe-roundup-description":"","_monsterinsights_skip_tracking":false,"_monsterinsights_sitenote_active":false,"_monsterinsights_sitenote_note":"","_monsterinsights_sitenote_category":0,"footnotes":""},"class_list":["post-158","page","type-page","status-publish","hentry"],"aioseo_notices":[],"blog_post_layout_featured_media_urls":{"thumbnail":"","full":""},"categories_names":null,"comments_number":"0","_links":{"self":[{"href":"https:\/\/fightwithgluten.com\/en\/wp-json\/wp\/v2\/pages\/158","targetHints":{"allow":["GET"]}}],"collection":[{"href":"https:\/\/fightwithgluten.com\/en\/wp-json\/wp\/v2\/pages"}],"about":[{"href":"https:\/\/fightwithgluten.com\/en\/wp-json\/wp\/v2\/types\/page"}],"author":[{"embeddable":true,"href":"https:\/\/fightwithgluten.com\/en\/wp-json\/wp\/v2\/users\/1"}],"replies":[{"embeddable":true,"href":"https:\/\/fightwithgluten.com\/en\/wp-json\/wp\/v2\/comments?post=158"}],"version-history":[{"count":7,"href":"https:\/\/fightwithgluten.com\/en\/wp-json\/wp\/v2\/pages\/158\/revisions"}],"predecessor-version":[{"id":176,"href":"https:\/\/fightwithgluten.com\/en\/wp-json\/wp\/v2\/pages\/158\/revisions\/176"}],"wp:attachment":[{"href":"https:\/\/fightwithgluten.com\/en\/wp-json\/wp\/v2\/media?parent=158"}],"curies":[{"name":"wp","href":"https:\/\/api.w.org\/{rel}","templated":true}]}}