{"id":169,"date":"2019-04-18T19:56:53","date_gmt":"2019-04-18T19:56:53","guid":{"rendered":"https:\/\/fightwithgluten.com\/?page_id=169"},"modified":"2020-11-18T20:00:03","modified_gmt":"2020-11-18T20:00:03","slug":"dezastru-in-bucatarie","status":"publish","type":"page","link":"https:\/\/fightwithgluten.com\/en\/dezastru-in-bucatarie\/","title":{"rendered":"Dezastru \u00een buc\u0103t\u0103rie"},"content":{"rendered":"<figure class=\"wp-block-image\"><img decoding=\"async\" src=\"https:\/\/bunatatifaragluten.ro\/wp-content\/uploads\/2019\/04\/Oven-Mit.jpg\" alt=\"dezastru in bucataria fara gluten\"\/><\/figure>\n\n\n\n<p>Tu te-ai considerat cel pu\u0163in o dat\u0103 dezastru \u00een buc\u0103t\u0103rie? Eu DAAAA! \u015ei \u00eenc\u0103 de c\u00e2te ori. Mai ales de c\u00e2nd am \u00eenceput s\u0103 fac preparate f\u0103r\u0103 gluten. <\/p>\n\n\n\n<p>\u00cenainte de trecerea la noul stil de via\u0163\u0103, f\u0103r\u0103 gluten, spuneam c\u0103 pr\u0103jiturile nu sunt de mine, iar dac\u0103 \u00eencerc vreodat\u0103 s\u0103 fac ceva bun, nici g\u00e2nd s\u0103 \u00eemi ias\u0103.<\/p>\n\n\n\n<p>\u015etii care este ironia? C\u0103 deserturile f\u0103r\u0103 gluten \u00eemi ies. Nu pot s\u0103 spun c\u0103 dau clas\u0103 buc\u0103tarilor profesioni\u015fti, dar pe placul meu sunt. \u00cens\u0103 nu de fiecare dat\u0103 am avut succes. Rar am aruncat la co\u015f, dar de multe ori mi-a fost ru\u015fine s\u0103 \u00eempart dulciurile mele f\u0103r\u0103 gluten cu prietenii sau colegii de serviciu. Ru\u015finea aceasta venea de la faptul c\u0103 nu eram mul\u0163umit\u0103 de produsul finit.<\/p>\n\n\n\n<p>Presupun c\u0103 \u015fi tu ai trecut de multe ori prin aceste st\u0103ri. Dar \u015ftii care-i partea cea mai frumoas\u0103? C\u00e2nd \u00een cele din urm\u0103 pr\u0103jitura \u00ee\u0163i iese a\u015fa cum ai vrut, iar dup\u0103 nu te mai opre\u015fti din a face re\u0163eta. Eu am p\u0103\u0163it asta cu tartele. Pe multe dintre ele nici m\u0103car nu le puteam scoate din tav\u0103. Dar, a venit \u015fi ziua reu\u015fitei, iar aceasta s-a \u00eent\u00e2mplat c\u00e2nd am f\u0103cut <a href=\"https:\/\/bunatatifaragluten.ro\/tarte-sarate-cu-branza\/\" target=\"_blank\" rel=\"noreferrer noopener\" aria-label=\"tartele s\u0103rate cu br\u00e2nz\u0103. (se deschide \u00eentr-o fil\u0103 nou\u0103)\">tartele s\u0103rate cu br\u00e2nz\u0103.<\/a><\/p>\n\n\n\n<p>Hai s\u0103 vezi ce bucate nereu\u015fite am mai avut. S\u0103 nu te la\u015fi \u00een\u015felat de aspect. Multe au fost precum zicala: &#8222;\u00cenafar\u0103 vopsit gardul, \u00een\u0103untru leopardul&#8221; \ud83d\ude00<\/p>\n\n\n\n<h2 class=\"wp-block-heading\">Biscui\u0163i roz cu unt<\/h2>\n\n\n\n<figure class=\"wp-block-image\"><a href=\"https:\/\/bunatatifaragluten.ro\/wp-content\/uploads\/2019\/04\/biscuiti-cu-unt.jpg\"><img decoding=\"async\" src=\"https:\/\/bunatatifaragluten.ro\/wp-content\/uploads\/2019\/04\/biscuiti-cu-unt-1024x575.jpg\" alt=\"\" class=\"wp-image-1687\"\/><\/a><\/figure>\n\n\n\n<p>Ace\u015ftia erau foarte sf\u0103r\u0103micio\u015fi \u015fi aveai impresia c\u0103 m\u0103n\u00e2nci mai degrab\u0103 unt.<\/p>\n\n\n\n<h2 class=\"wp-block-heading\">Cozonac f\u0103r\u0103 gluten (decembrie 2018)<\/h2>\n\n\n\n<figure class=\"wp-block-gallery columns-4 is-cropped wp-block-gallery-1 is-layout-flex wp-block-gallery-is-layout-flex\"><ul class=\"blocks-gallery-grid\"><li class=\"blocks-gallery-item\"><figure><a href=\"https:\/\/bunatatifaragluten.ro\/wp-content\/uploads\/2019\/04\/cozonac-fara-gluten-fain-1-1024x683.jpg\"><img decoding=\"async\" src=\"https:\/\/bunatatifaragluten.ro\/wp-content\/uploads\/2019\/04\/cozonac-fara-gluten-fain-1-1024x683.jpg\" alt=\"\" data-id=\"1688\" data-link=\"https:\/\/bunatatifaragluten.ro\/?attachment_id=1688\" class=\"wp-image-1688\"\/><\/a><\/figure><\/li><li class=\"blocks-gallery-item\"><figure><a href=\"https:\/\/bunatatifaragluten.ro\/wp-content\/uploads\/2019\/04\/cozonac-fara-gluten-fain-2-1024x683.jpg\"><img decoding=\"async\" src=\"https:\/\/bunatatifaragluten.ro\/wp-content\/uploads\/2019\/04\/cozonac-fara-gluten-fain-2-1024x683.jpg\" alt=\"\" data-id=\"1689\" data-link=\"https:\/\/bunatatifaragluten.ro\/?attachment_id=1689\" class=\"wp-image-1689\"\/><\/a><\/figure><\/li><li class=\"blocks-gallery-item\"><figure><a href=\"https:\/\/bunatatifaragluten.ro\/wp-content\/uploads\/2019\/04\/cozonac-fara-gluten-fain-3-1024x683.jpg\"><img decoding=\"async\" src=\"https:\/\/bunatatifaragluten.ro\/wp-content\/uploads\/2019\/04\/cozonac-fara-gluten-fain-3-1024x683.jpg\" alt=\"\" data-id=\"1690\" data-link=\"https:\/\/bunatatifaragluten.ro\/?attachment_id=1690\" class=\"wp-image-1690\"\/><\/a><\/figure><\/li><li class=\"blocks-gallery-item\"><figure><a href=\"https:\/\/bunatatifaragluten.ro\/wp-content\/uploads\/2019\/04\/cozonac-fara-gluten-fain-4-1024x683.jpg\"><img decoding=\"async\" src=\"https:\/\/bunatatifaragluten.ro\/wp-content\/uploads\/2019\/04\/cozonac-fara-gluten-fain-4-1024x683.jpg\" alt=\"\" data-id=\"1691\" data-link=\"https:\/\/bunatatifaragluten.ro\/?attachment_id=1691\" class=\"wp-image-1691\"\/><\/a><\/figure><\/li><\/ul><\/figure>\n\n\n\n<p>C\u00e2nd vezi la toat\u0103 lumea c\u0103 face cozonaci, spui c\u0103 nu exist\u0103 \u015fanse s\u0103 gre\u015fe\u015fti. Este a doua oar\u0103 c\u00e2nd am \u00eencercat s\u0103 fac cozonac \u015fi tot nu mi-ai ie\u015fit pufos. \u00cenc\u0103 mai am de lucru la asta. Am fost \u00een schimb mul\u0163umit\u0103 c\u0103 m\u0103car la suprafa\u0163\u0103 arat\u0103 ca un cozonac.<\/p>\n\n\n\n<p>Totu\u015fi a treia \u00eencercare a fost cu noroc \u015fi am scos din cuptor cozonacul mult dorit. Dac\u0103 \u00eenc\u0103 nu ai ajuns la o re\u0163et\u0103 potrivit\u0103, de <strong><a href=\"https:\/\/bunatatifaragluten.ro\/cozonac-fara-gluten-cu-cacao\/\" target=\"_blank\" rel=\"noreferrer noopener\" aria-label=\"AICI  (se deschide \u00eentr-o fil\u0103 nou\u0103)\">AICI <\/a><\/strong>po\u0163i afla una.<\/p>\n\n\n\n<h2 class=\"wp-block-heading\">Falafel<\/h2>\n\n\n\n<p>Nu te entuziasma prea tare c\u00e2nd vezi poza. Dezastrul a fost din cauza gustului \u015fi nu a aspectului de aceast\u0103 dat\u0103. Falafelul f\u0103r\u0103 gluten a fost unul din preparatele ce nu le-am putut m\u00e2nca. Cred c\u0103 am exagerat cu condimentele, \u00een special curcuma \u015fi din acest motiv nu a fost nicicum pe gustul meu. N\u0103utul l-am descoperit de c\u00e2nd am \u00eenceput regimul f\u0103r\u0103 gluten. Forma preferat\u0103 de folosire a n\u0103tului este \u00een <a rel=\"noreferrer noopener\" aria-label=\"biscui\u0163ii vegani. (se deschide \u00eentr-o fil\u0103 nou\u0103)\" href=\"https:\/\/bunatatifaragluten.ro\/fursecuri-cu-naut\/\" target=\"_blank\">biscui\u0163ii vegani.<\/a><\/p>\n\n\n\n<figure class=\"wp-block-image\"><img decoding=\"async\" src=\"https:\/\/bunatatifaragluten.ro\/wp-content\/uploads\/2019\/04\/falafel-fara-gluten-fail-1024x683.jpg\" alt=\"\" class=\"wp-image-1694\"\/><\/figure>\n\n\n\n<p>Cam at\u00e2t deocamdat\u0103. Mai cercetez arhiva de poze \u015fi s\u0103 v\u0103d ce e\u015fecuri mi-am mai imortalizat.<\/p>\n\n\n\n<p>Tu e\u015fti un dezastru \u00een buc\u0103t\u0103rie? Dac\u0103 vrei s\u0103 \u00eemp\u0103rt\u0103\u015fe\u015fti cu comunitatea celiacilor preparatele ce nu au avut succes din prima, a\u015ftept poze \u015fi descrierea lor pe adresa de email silvia@bunatatifaragluten.ro sau pe <a href=\"https:\/\/www.facebook.com\/BunatatiFaraGlutenSilvia\/\" target=\"_blank\" rel=\"noreferrer noopener\" aria-label=\"pagina de Facebook (se deschide \u00eentr-o fil\u0103 nou\u0103)\">pagina de Facebook<\/a>.<\/p>\n\n\n\n<p>Spor la \u00eencercat! E\u015fti pe drumul c\u0103tre succes!<\/p>","protected":false},"excerpt":{"rendered":"<p>Tu te-ai considerat cel pu\u0163in o dat\u0103 dezastru \u00een buc\u0103t\u0103rie? Eu DAAAA! \u015ei \u00eenc\u0103 de c\u00e2te ori. Mai ales de c\u00e2nd am \u00eenceput s\u0103 fac preparate f\u0103r\u0103 gluten. \u00cenainte de trecerea la noul stil de via\u0163\u0103, f\u0103r\u0103 gluten, spuneam c\u0103 pr\u0103jiturile nu sunt de mine, iar dac\u0103 \u00eencerc vreodat\u0103 s\u0103 fac ceva bun, nici g\u00e2nd [&hellip;]<\/p>\n","protected":false},"author":1,"featured_media":0,"parent":0,"menu_order":0,"comment_status":"closed","ping_status":"closed","template":"","meta":{"om_disable_all_campaigns":false,"wprm-recipe-roundup-name":"","wprm-recipe-roundup-description":"","_monsterinsights_skip_tracking":false,"_monsterinsights_sitenote_active":false,"_monsterinsights_sitenote_note":"","_monsterinsights_sitenote_category":0,"footnotes":""},"class_list":["post-169","page","type-page","status-publish","hentry"],"aioseo_notices":[],"blog_post_layout_featured_media_urls":{"thumbnail":"","full":""},"categories_names":null,"comments_number":"0","_links":{"self":[{"href":"https:\/\/fightwithgluten.com\/en\/wp-json\/wp\/v2\/pages\/169","targetHints":{"allow":["GET"]}}],"collection":[{"href":"https:\/\/fightwithgluten.com\/en\/wp-json\/wp\/v2\/pages"}],"about":[{"href":"https:\/\/fightwithgluten.com\/en\/wp-json\/wp\/v2\/types\/page"}],"author":[{"embeddable":true,"href":"https:\/\/fightwithgluten.com\/en\/wp-json\/wp\/v2\/users\/1"}],"replies":[{"embeddable":true,"href":"https:\/\/fightwithgluten.com\/en\/wp-json\/wp\/v2\/comments?post=169"}],"version-history":[{"count":3,"href":"https:\/\/fightwithgluten.com\/en\/wp-json\/wp\/v2\/pages\/169\/revisions"}],"predecessor-version":[{"id":391,"href":"https:\/\/fightwithgluten.com\/en\/wp-json\/wp\/v2\/pages\/169\/revisions\/391"}],"wp:attachment":[{"href":"https:\/\/fightwithgluten.com\/en\/wp-json\/wp\/v2\/media?parent=169"}],"curies":[{"name":"wp","href":"https:\/\/api.w.org\/{rel}","templated":true}]}}